{"id":5096,"date":"2025-07-30T09:46:46","date_gmt":"2025-07-30T09:46:46","guid":{"rendered":"https:\/\/www.europcarbikes.com\/localizacao\/portimao\/"},"modified":"2026-02-24T16:47:10","modified_gmt":"2026-02-24T16:47:10","slug":"portimao","status":"publish","type":"localizacao","link":"https:\/\/www.europcarbikes.com\/de\/standort\/portimao\/","title":{"rendered":"Portim\u00e3o &#8211; Algarve"},"content":{"rendered":"\t\t<div data-elementor-type=\"wp-post\" data-elementor-id=\"5096\" class=\"elementor elementor-5096 elementor-3835\">\n\t\t\t\t\t\t<section class=\"elementor-section elementor-top-section elementor-element elementor-element-d7d16ec elementor-section-height-min-height elementor-section-boxed elementor-section-height-default elementor-section-items-middle\" data-id=\"d7d16ec\" data-element_type=\"section\" data-e-type=\"section\" data-settings=\"{&quot;jet_parallax_layout_list&quot;:[{&quot;jet_parallax_layout_image&quot;:{&quot;url&quot;:&quot;&quot;,&quot;id&quot;:&quot;&quot;,&quot;size&quot;:&quot;&quot;},&quot;_id&quot;:&quot;d43cdb6&quot;,&quot;jet_parallax_layout_image_tablet&quot;:{&quot;url&quot;:&quot;&quot;,&quot;id&quot;:&quot;&quot;,&quot;size&quot;:&quot;&quot;},&quot;jet_parallax_layout_image_mobile&quot;:{&quot;url&quot;:&quot;&quot;,&quot;id&quot;:&quot;&quot;,&quot;size&quot;:&quot;&quot;},&quot;jet_parallax_layout_speed&quot;:{&quot;unit&quot;:&quot;%&quot;,&quot;size&quot;:&quot;50&quot;,&quot;sizes&quot;:[]},&quot;jet_parallax_layout_bg_x&quot;:&quot;50&quot;,&quot;jet_parallax_layout_bg_y&quot;:&quot;50&quot;,&quot;jet_parallax_layout_type&quot;:&quot;scroll&quot;,&quot;jet_parallax_layout_direction&quot;:&quot;1&quot;,&quot;jet_parallax_layout_fx_direction&quot;:null,&quot;jet_parallax_layout_z_index&quot;:&quot;&quot;,&quot;jet_parallax_layout_bg_x_tablet&quot;:&quot;&quot;,&quot;jet_parallax_layout_bg_x_mobile&quot;:&quot;&quot;,&quot;jet_parallax_layout_bg_y_tablet&quot;:&quot;&quot;,&quot;jet_parallax_layout_bg_y_mobile&quot;:&quot;&quot;,&quot;jet_parallax_layout_bg_size&quot;:&quot;auto&quot;,&quot;jet_parallax_layout_bg_size_tablet&quot;:&quot;&quot;,&quot;jet_parallax_layout_bg_size_mobile&quot;:&quot;&quot;,&quot;jet_parallax_layout_animation_prop&quot;:&quot;transform&quot;,&quot;jet_parallax_layout_on&quot;:[&quot;desktop&quot;,&quot;tablet&quot;]}],&quot;background_background&quot;:&quot;classic&quot;}\">\n\t\t\t\t\t\t\t<div class=\"elementor-background-overlay\"><\/div>\n\t\t\t\t\t\t\t<div class=\"elementor-container elementor-column-gap-no\">\n\t\t\t\t\t<div class=\"elementor-column elementor-col-100 elementor-top-column elementor-element elementor-element-9be86d6\" data-id=\"9be86d6\" data-element_type=\"column\" data-e-type=\"column\">\n\t\t\t<div class=\"elementor-widget-wrap elementor-element-populated\">\n\t\t\t\t\t\t<div class=\"elementor-element elementor-element-96a7ddb elementor-widget elementor-widget-heading\" data-id=\"96a7ddb\" data-element_type=\"widget\" data-e-type=\"widget\" data-widget_type=\"heading.default\">\n\t\t\t\t<div class=\"elementor-widget-container\">\n\t\t\t\t\t<h1 class=\"elementor-heading-title elementor-size-default\">Portim\u00e3o<\/h1>\t\t\t\t<\/div>\n\t\t\t\t<\/div>\n\t\t\t\t\t<\/div>\n\t\t<\/div>\n\t\t\t\t\t<\/div>\n\t\t<\/section>\n\t\t<div class=\"elementor-element elementor-element-6c6552b e-flex e-con-boxed e-con e-parent\" data-id=\"6c6552b\" data-element_type=\"container\" data-e-type=\"container\" data-settings=\"{&quot;jet_parallax_layout_list&quot;:[]}\">\n\t\t\t\t\t<div class=\"e-con-inner\">\n\t\t<div class=\"elementor-element elementor-element-e687c3f e-con-full e-flex e-con e-child\" data-id=\"e687c3f\" data-element_type=\"container\" data-e-type=\"container\" data-settings=\"{&quot;jet_parallax_layout_list&quot;:[]}\">\n\t\t\t\t<div class=\"elementor-element elementor-element-8500e81 elementor-widget elementor-widget-heading\" data-id=\"8500e81\" data-element_type=\"widget\" data-e-type=\"widget\" data-widget_type=\"heading.default\">\n\t\t\t\t<div class=\"elementor-widget-container\">\n\t\t\t\t\t<h2 class=\"elementor-heading-title elementor-size-default\">Vermietung von Motorr\u00e4dern, Rollern und Fahrr\u00e4dern in Portim\u00e3o<\/h2>\t\t\t\t<\/div>\n\t\t\t\t<\/div>\n\t\t\t\t<\/div>\n\t\t<div class=\"elementor-element elementor-element-21794fa e-con-full e-flex e-con e-child\" data-id=\"21794fa\" data-element_type=\"container\" data-e-type=\"container\" data-settings=\"{&quot;jet_parallax_layout_list&quot;:[]}\">\n\t\t\t\t<div class=\"elementor-element elementor-element-b2a00b4 elementor-arrows-position-inside elementor-widget elementor-widget-image-carousel\" data-id=\"b2a00b4\" data-element_type=\"widget\" data-e-type=\"widget\" data-settings=\"{&quot;slides_to_show&quot;:&quot;1&quot;,&quot;navigation&quot;:&quot;arrows&quot;,&quot;autoplay&quot;:&quot;yes&quot;,&quot;pause_on_hover&quot;:&quot;yes&quot;,&quot;pause_on_interaction&quot;:&quot;yes&quot;,&quot;autoplay_speed&quot;:5000,&quot;infinite&quot;:&quot;yes&quot;,&quot;effect&quot;:&quot;slide&quot;,&quot;speed&quot;:500}\" data-widget_type=\"image-carousel.default\">\n\t\t\t\t<div class=\"elementor-widget-container\">\n\t\t\t\t\t\t\t<div class=\"elementor-image-carousel-wrapper swiper\" role=\"region\" aria-roledescription=\"carousel\" aria-label=\"Carrossel de imagens\" dir=\"ltr\">\n\t\t\t<div class=\"elementor-image-carousel swiper-wrapper\" aria-live=\"off\">\n\t\t\t\t\t\t\t\t<div class=\"swiper-slide\" role=\"group\" aria-roledescription=\"slide\" aria-label=\"1 von 5\"><figure class=\"swiper-slide-inner\"><img decoding=\"async\" class=\"swiper-slide-image\" src=\"https:\/\/www.europcarbikes.com\/wp-content\/uploads\/2026\/01\/1300-GSA-H-1.jpg\" alt=\"1300 GSA H\" \/><\/figure><\/div><div class=\"swiper-slide\" role=\"group\" aria-roledescription=\"slide\" aria-label=\"2 von 5\"><figure class=\"swiper-slide-inner\"><img decoding=\"async\" class=\"swiper-slide-image\" src=\"https:\/\/www.europcarbikes.com\/wp-content\/uploads\/2025\/04\/BMW-1300-GS_2.jpg\" alt=\"BMW 1300 GS_2\" \/><\/figure><\/div><div class=\"swiper-slide\" role=\"group\" aria-roledescription=\"slide\" aria-label=\"3 von 5\"><figure class=\"swiper-slide-inner\"><img decoding=\"async\" class=\"swiper-slide-image\" src=\"https:\/\/www.europcarbikes.com\/wp-content\/uploads\/2026\/01\/Dia-1-Lisboa-475-1-e1769210129406.jpg\" alt=\"Dia 1 - Lisboa-475\" \/><\/figure><\/div><div class=\"swiper-slide\" role=\"group\" aria-roledescription=\"slide\" aria-label=\"4 von 5\"><figure class=\"swiper-slide-inner\"><img decoding=\"async\" class=\"swiper-slide-image\" src=\"https:\/\/www.europcarbikes.com\/wp-content\/uploads\/2026\/01\/Lisboa_1-1-1.jpg\" alt=\"Lisboa_1-1.jpg\" \/><\/figure><\/div><div class=\"swiper-slide\" role=\"group\" aria-roledescription=\"slide\" aria-label=\"5 von 5\"><figure class=\"swiper-slide-inner\"><img decoding=\"async\" class=\"swiper-slide-image\" src=\"https:\/\/www.europcarbikes.com\/wp-content\/uploads\/2025\/04\/Bicicleta_Cidade_Eletrica_1.jpg\" alt=\"Bicicleta_Cidade_Eletrica\" \/><\/figure><\/div>\t\t\t<\/div>\n\t\t\t\t\t\t\t\t\t\t\t\t<div class=\"elementor-swiper-button elementor-swiper-button-prev\" role=\"button\" tabindex=\"0\">\n\t\t\t\t\t\t<svg aria-hidden=\"true\" class=\"e-font-icon-svg e-eicon-chevron-left\" viewBox=\"0 0 1000 1000\" xmlns=\"http:\/\/www.w3.org\/2000\/svg\"><path d=\"M646 125C629 125 613 133 604 142L308 442C296 454 292 471 292 487 292 504 296 521 308 533L604 854C617 867 629 875 646 875 663 875 679 871 692 858 704 846 713 829 713 812 713 796 708 779 692 767L438 487 692 225C700 217 708 204 708 187 708 171 704 154 692 142 675 129 663 125 646 125Z\"><\/path><\/svg>\t\t\t\t\t<\/div>\n\t\t\t\t\t<div class=\"elementor-swiper-button elementor-swiper-button-next\" role=\"button\" tabindex=\"0\">\n\t\t\t\t\t\t<svg aria-hidden=\"true\" class=\"e-font-icon-svg e-eicon-chevron-right\" viewBox=\"0 0 1000 1000\" xmlns=\"http:\/\/www.w3.org\/2000\/svg\"><path d=\"M696 533C708 521 713 504 713 487 713 471 708 454 696 446L400 146C388 133 375 125 354 125 338 125 325 129 313 142 300 154 292 171 292 187 292 204 296 221 308 233L563 492 304 771C292 783 288 800 288 817 288 833 296 850 308 863 321 871 338 875 354 875 371 875 388 867 400 854L696 533Z\"><\/path><\/svg>\t\t\t\t\t<\/div>\n\t\t\t\t\n\t\t\t\t\t\t\t\t\t<\/div>\n\t\t\t\t\t\t<\/div>\n\t\t\t\t<\/div>\n\t\t\t\t<div class=\"elementor-element elementor-element-c062025 elementor-widget elementor-widget-heading\" data-id=\"c062025\" data-element_type=\"widget\" data-e-type=\"widget\" data-widget_type=\"heading.default\">\n\t\t\t\t<div class=\"elementor-widget-container\">\n\t\t\t\t\t<h3 class=\"elementor-heading-title elementor-size-default\">Was man in Portim\u00e3o besichtigen sollte<\/h3>\t\t\t\t<\/div>\n\t\t\t\t<\/div>\n\t\t\t\t<div class=\"elementor-element elementor-element-5c0472a elementor-widget elementor-widget-text-editor\" data-id=\"5c0472a\" data-element_type=\"widget\" data-e-type=\"widget\" data-widget_type=\"text-editor.default\">\n\t\t\t\t<div class=\"elementor-widget-container\">\n\t\t\t\t\t\t\t\t\t<article class=\"text-token-text-primary w-full focus:outline-none scroll-mt-[calc(var(--header-height)+min(200px,max(70px,20svh)))]\" dir=\"auto\" tabindex=\"-1\" data-turn-id=\"request-WEB:75695d99-7138-4f7c-92aa-af58b26a1009-27\" data-testid=\"conversation-turn-56\" data-scroll-anchor=\"true\" data-turn=\"assistant\"><div class=\"text-base my-auto mx-auto pb-10 [--thread-content-margin:--spacing(4)] @[37rem]:[--thread-content-margin:--spacing(6)] @[72rem]:[--thread-content-margin:--spacing(16)] px-(--thread-content-margin)\"><div class=\"[--thread-content-max-width:32rem] @[34rem]:[--thread-content-max-width:40rem] @[64rem]:[--thread-content-max-width:48rem] mx-auto max-w-(--thread-content-max-width) flex-1 group\/turn-messages focus-visible:outline-hidden relative flex w-full min-w-0 flex-col agent-turn\" tabindex=\"-1\"><div class=\"flex max-w-full flex-col grow\"><div class=\"min-h-8 text-message relative flex w-full flex-col items-end gap-2 text-start break-words whitespace-normal [.text-message+&amp;]:mt-5\" dir=\"auto\" data-message-author-role=\"assistant\" data-message-id=\"a8a39199-e5b2-4c31-93ca-103a670267f3\" data-message-model-slug=\"gpt-5\"><div class=\"flex w-full flex-col gap-1 empty:hidden first:pt-[3px]\"><div class=\"markdown prose dark:prose-invert w-full break-words light markdown-new-styling\"><p data-start=\"0\" data-end=\"274\" data-is-last-node=\"\" data-is-only-node=\"\">Sonne, Meer und Stra\u00dfe! Mit dem Motorrad erreichst du die ber\u00fchmtesten Str\u00e4nde wie die Praia da Rocha oder entdeckst jene geheimen Buchten, die nur den Einheimischen bekannt sind. In Portim\u00e3o beginnt der Tag mit Adrenalin und endet mit dem Sonnenuntergang \u00fcber dem Atlantik.<\/p><\/div><\/div><\/div><\/div><\/div><\/div><\/article>\t\t\t\t\t\t\t\t<\/div>\n\t\t\t\t<\/div>\n\t\t\t\t<div class=\"elementor-element elementor-element-b161382 elementor-widget elementor-widget-raven-button\" data-id=\"b161382\" data-element_type=\"widget\" data-e-type=\"widget\" data-settings=\"{&quot;turn_to_popup_action_button&quot;:&quot;no&quot;}\" data-widget_type=\"raven-button.default\">\n\t\t\t\t<div class=\"elementor-widget-container\">\n\t\t\t\t\t\t\t<div class=\"raven-widget-wrapper\">\n\t\t\t<a class=\"raven-button raven-button-widget-normal-effect-none elementor-button raven-button-text-align-center raven-button-link elementor-animation-none\" href=\"\/de\/reservieren\/\">\t\t\t\t<div class=\"raven-button-overlay\" ><\/div>\n\t\t\t\t<span class=\"raven-button-content\">\n\t\t\t\t\t\n\t\t\t\t\t<div class=\"button-text-container\">\n\t\t\t\t\t\t\t\t\t\t\t\t<div class=\"raven-button-texts-wrapper\">\n\t\t\t\t\t\t\t<div class=\"button-text\">\n\t\t\t\t\t\t\t\t<span class=\"raven-button-text\">\n\t\t\t\t\t\t\t\t\tBuchen\t\t\t\t\t\t\t\t<\/span>\n\t\t\t\t\t\t\t<\/div>\n\t\t\t\t\t\t\t\t\t\t\t\t\t<\/div>\n\t\t\t\t\t\t\t\t\t\t\t<\/div>\n\t\t\t\t\t\n\t\t\t\t\t\t\t\t\t<\/span>\n\t\t\t<\/a>\t\t<\/div>\n\t\t\t\t\t\t<\/div>\n\t\t\t\t<\/div>\n\t\t\t\t<\/div>\n\t\t\t\t\t<\/div>\n\t\t\t\t<\/div>\n\t\t<div class=\"elementor-element elementor-element-3828b33 elementor-hidden-desktop elementor-hidden-tablet elementor-hidden-mobile e-flex e-con-boxed e-con e-parent\" data-id=\"3828b33\" data-element_type=\"container\" data-e-type=\"container\" data-settings=\"{&quot;jet_parallax_layout_list&quot;:[],&quot;background_background&quot;:&quot;classic&quot;}\">\n\t\t\t\t\t<div class=\"e-con-inner\">\n\t\t\t\t<div class=\"elementor-element elementor-element-73dba1e elementor-widget elementor-widget-heading\" data-id=\"73dba1e\" data-element_type=\"widget\" data-e-type=\"widget\" data-widget_type=\"heading.default\">\n\t\t\t\t<div class=\"elementor-widget-container\">\n\t\t\t\t\t<h2 class=\"elementor-heading-title elementor-size-default\">Beste Motorradrouten<\/h2>\t\t\t\t<\/div>\n\t\t\t\t<\/div>\n\t\t\t\t<div class=\"elementor-element elementor-element-72757d9 elementor-widget elementor-widget-jet-listing-grid\" data-id=\"72757d9\" data-element_type=\"widget\" data-e-type=\"widget\" data-settings=\"{&quot;columns&quot;:&quot;3&quot;,&quot;columns_mobile&quot;:&quot;1&quot;}\" data-widget_type=\"jet-listing-grid.default\">\n\t\t\t\t<div class=\"elementor-widget-container\">\n\t\t\t\t\t<div class=\"jet-listing-notice\">Please select listing to show.<\/div>\t\t\t\t<\/div>\n\t\t\t\t<\/div>\n\t\t\t\t\t<\/div>\n\t\t\t\t<\/div>\n\t\t<div class=\"elementor-element elementor-element-8a15318 e-flex e-con-boxed e-con e-parent\" data-id=\"8a15318\" data-element_type=\"container\" data-e-type=\"container\" data-settings=\"{&quot;jet_parallax_layout_list&quot;:[]}\">\n\t\t\t\t\t<div class=\"e-con-inner\">\n\t\t<div class=\"elementor-element elementor-element-43a1d4d e-con-full e-flex e-con e-child\" data-id=\"43a1d4d\" data-element_type=\"container\" data-e-type=\"container\" data-settings=\"{&quot;jet_parallax_layout_list&quot;:[]}\">\n\t\t\t\t<div class=\"elementor-element elementor-element-9252e4b elementor-widget-tablet__width-inherit elementor-widget elementor-widget-heading\" data-id=\"9252e4b\" data-element_type=\"widget\" data-e-type=\"widget\" data-widget_type=\"heading.default\">\n\t\t\t\t<div class=\"elementor-widget-container\">\n\t\t\t\t\t<h2 class=\"elementor-heading-title elementor-size-default\">Wo wir sind<\/h2>\t\t\t\t<\/div>\n\t\t\t\t<\/div>\n\t\t\t\t<div class=\"elementor-element elementor-element-364a35c elementor-widget-tablet__width-inherit elementor-widget elementor-widget-text-editor\" data-id=\"364a35c\" data-element_type=\"widget\" data-e-type=\"widget\" data-widget_type=\"text-editor.default\">\n\t\t\t\t<div class=\"elementor-widget-container\">\n\t\t\t\t\t\t\t\t\t<h4>Portim\u00e3o &#8211; Praia da Rocha<\/h4><p>Estr. da Rocha, 8500-802 Portim\u00e3o, Portugal<\/p><p><a href=\"tel:+351282424114\">+351 282 424 114<\/a><\/p><p>Montag bis Sonntag von 08:30 bis 12:30 Uhr und von 14:30 bis 18:30 Uhr<\/p>\t\t\t\t\t\t\t\t<\/div>\n\t\t\t\t<\/div>\n\t\t\t\t<\/div>\n\t\t<div class=\"elementor-element elementor-element-415ad3c e-con-full e-flex e-con e-child\" data-id=\"415ad3c\" data-element_type=\"container\" data-e-type=\"container\" data-settings=\"{&quot;jet_parallax_layout_list&quot;:[]}\">\n\t\t\t\t<div class=\"elementor-element elementor-element-dc0e5d5 elementor-widget elementor-widget-google_maps\" data-id=\"dc0e5d5\" data-element_type=\"widget\" data-e-type=\"widget\" data-widget_type=\"google_maps.default\">\n\t\t\t\t<div class=\"elementor-widget-container\">\n\t\t\t\t\t\t\t<div class=\"elementor-custom-embed\">\n\t\t\t<iframe loading=\"lazy\"\n\t\t\t\t\tsrc=\"https:\/\/maps.google.com\/maps?q=Europcarbikes%20Portim%C3%A3o%20Praia%20da%20Rocha&#038;t=m&#038;z=15&#038;output=embed&#038;iwloc=near\"\n\t\t\t\t\ttitle=\"Europcarbikes Portim\u00e3o Praia da Rocha\"\n\t\t\t\t\taria-label=\"Europcarbikes Portim\u00e3o Praia da Rocha\"\n\t\t\t><\/iframe>\n\t\t<\/div>\n\t\t\t\t\t\t<\/div>\n\t\t\t\t<\/div>\n\t\t\t\t<\/div>\n\t\t\t\t\t<\/div>\n\t\t\t\t<\/div>\n\t\t\t\t<\/div>\n\t\t","protected":false},"excerpt":{"rendered":"<p>Sonne, Meer und Stra\u00dfe! Mit dem Motorrad erreichst du die ikonischsten Str\u00e4nde.<\/p>\n","protected":false},"featured_media":10939,"parent":0,"menu_order":4,"template":"elementor_header_footer","meta":{"_acf_changed":false,"footnotes":""},"categories":[],"tags":[],"class_list":["post-5096","localizacao","type-localizacao","status-publish","has-post-thumbnail","hentry"],"acf":[],"yoast_head":"<!-- This site is optimized with the Yoast SEO plugin v27.5 - https:\/\/yoast.com\/product\/yoast-seo-wordpress\/ -->\n<title>Portim\u00e3o - Algarve - Europcarbikes<\/title>\n<meta name=\"robots\" content=\"index, follow, max-snippet:-1, max-image-preview:large, max-video-preview:-1\" \/>\n<link rel=\"canonical\" href=\"https:\/\/www.europcarbikes.com\/de\/standort\/portimao\/\" \/>\n<meta property=\"og:locale\" content=\"de_DE\" \/>\n<meta property=\"og:type\" content=\"article\" \/>\n<meta property=\"og:title\" content=\"Portim\u00e3o - Algarve - Europcarbikes\" \/>\n<meta property=\"og:description\" content=\"Sonne, Meer und Stra\u00dfe! Mit dem Motorrad erreichst du die ikonischsten Str\u00e4nde.\" \/>\n<meta property=\"og:url\" content=\"https:\/\/www.europcarbikes.com\/de\/standort\/portimao\/\" \/>\n<meta property=\"og:site_name\" content=\"Europcarbikes\" \/>\n<meta property=\"article:modified_time\" content=\"2026-02-24T16:47:10+00:00\" \/>\n<meta property=\"og:image\" content=\"https:\/\/www.europcarbikes.com\/wp-content\/uploads\/2025\/07\/Portimao.jpg\" \/>\n\t<meta property=\"og:image:width\" content=\"1800\" \/>\n\t<meta property=\"og:image:height\" content=\"1201\" \/>\n\t<meta property=\"og:image:type\" content=\"image\/jpeg\" \/>\n<meta name=\"twitter:card\" content=\"summary_large_image\" \/>\n<meta name=\"twitter:label1\" content=\"Gesch\u00e4tzte Lesezeit\" \/>\n\t<meta name=\"twitter:data1\" content=\"2\u00a0Minuten\" \/>\n<script type=\"application\/ld+json\" class=\"yoast-schema-graph\">{\"@context\":\"https:\\\/\\\/schema.org\",\"@graph\":[{\"@type\":\"WebPage\",\"@id\":\"https:\\\/\\\/www.europcarbikes.com\\\/de\\\/standort\\\/portimao\\\/\",\"url\":\"https:\\\/\\\/www.europcarbikes.com\\\/de\\\/standort\\\/portimao\\\/\",\"name\":\"Portim\u00e3o - Algarve - Europcarbikes\",\"isPartOf\":{\"@id\":\"https:\\\/\\\/www.europcarbikes.com\\\/de\\\/#website\"},\"primaryImageOfPage\":{\"@id\":\"https:\\\/\\\/www.europcarbikes.com\\\/de\\\/standort\\\/portimao\\\/#primaryimage\"},\"image\":{\"@id\":\"https:\\\/\\\/www.europcarbikes.com\\\/de\\\/standort\\\/portimao\\\/#primaryimage\"},\"thumbnailUrl\":\"https:\\\/\\\/www.europcarbikes.com\\\/wp-content\\\/uploads\\\/2025\\\/07\\\/Portimao.jpg\",\"datePublished\":\"2025-07-30T09:46:46+00:00\",\"dateModified\":\"2026-02-24T16:47:10+00:00\",\"breadcrumb\":{\"@id\":\"https:\\\/\\\/www.europcarbikes.com\\\/de\\\/standort\\\/portimao\\\/#breadcrumb\"},\"inLanguage\":\"de\",\"potentialAction\":[{\"@type\":\"ReadAction\",\"target\":[\"https:\\\/\\\/www.europcarbikes.com\\\/de\\\/standort\\\/portimao\\\/\"]}]},{\"@type\":\"ImageObject\",\"inLanguage\":\"de\",\"@id\":\"https:\\\/\\\/www.europcarbikes.com\\\/de\\\/standort\\\/portimao\\\/#primaryimage\",\"url\":\"https:\\\/\\\/www.europcarbikes.com\\\/wp-content\\\/uploads\\\/2025\\\/07\\\/Portimao.jpg\",\"contentUrl\":\"https:\\\/\\\/www.europcarbikes.com\\\/wp-content\\\/uploads\\\/2025\\\/07\\\/Portimao.jpg\",\"width\":1800,\"height\":1201},{\"@type\":\"BreadcrumbList\",\"@id\":\"https:\\\/\\\/www.europcarbikes.com\\\/de\\\/standort\\\/portimao\\\/#breadcrumb\",\"itemListElement\":[{\"@type\":\"ListItem\",\"position\":1,\"name\":\"Home\",\"item\":\"https:\\\/\\\/www.europcarbikes.com\\\/de\\\/\"},{\"@type\":\"ListItem\",\"position\":2,\"name\":\"Localiza\u00e7\u00e3o\",\"item\":\"https:\\\/\\\/www.europcarbikes.com\\\/de\\\/standort\\\/\"},{\"@type\":\"ListItem\",\"position\":3,\"name\":\"Portim\u00e3o &#8211; Algarve\"}]},{\"@type\":\"WebSite\",\"@id\":\"https:\\\/\\\/www.europcarbikes.com\\\/de\\\/#website\",\"url\":\"https:\\\/\\\/www.europcarbikes.com\\\/de\\\/\",\"name\":\"Europcarbikes\",\"description\":\"As melhores motos ao melhor pre\u00e7o,\",\"publisher\":{\"@id\":\"https:\\\/\\\/www.europcarbikes.com\\\/de\\\/#organization\"},\"potentialAction\":[{\"@type\":\"SearchAction\",\"target\":{\"@type\":\"EntryPoint\",\"urlTemplate\":\"https:\\\/\\\/www.europcarbikes.com\\\/de\\\/?s={search_term_string}\"},\"query-input\":{\"@type\":\"PropertyValueSpecification\",\"valueRequired\":true,\"valueName\":\"search_term_string\"}}],\"inLanguage\":\"de\"},{\"@type\":\"Organization\",\"@id\":\"https:\\\/\\\/www.europcarbikes.com\\\/de\\\/#organization\",\"name\":\"Europcarbikes\",\"url\":\"https:\\\/\\\/www.europcarbikes.com\\\/de\\\/\",\"logo\":{\"@type\":\"ImageObject\",\"inLanguage\":\"de\",\"@id\":\"https:\\\/\\\/www.europcarbikes.com\\\/de\\\/#\\\/schema\\\/logo\\\/image\\\/\",\"url\":\"https:\\\/\\\/www.europcarbikes.com\\\/wp-content\\\/uploads\\\/2025\\\/03\\\/cropped-Europcarbikes_favico.jpg\",\"contentUrl\":\"https:\\\/\\\/www.europcarbikes.com\\\/wp-content\\\/uploads\\\/2025\\\/03\\\/cropped-Europcarbikes_favico.jpg\",\"width\":512,\"height\":512,\"caption\":\"Europcarbikes\"},\"image\":{\"@id\":\"https:\\\/\\\/www.europcarbikes.com\\\/de\\\/#\\\/schema\\\/logo\\\/image\\\/\"}}]}<\/script>\n<!-- \/ Yoast SEO plugin. -->","yoast_head_json":{"title":"Portim\u00e3o - Algarve - Europcarbikes","robots":{"index":"index","follow":"follow","max-snippet":"max-snippet:-1","max-image-preview":"max-image-preview:large","max-video-preview":"max-video-preview:-1"},"canonical":"https:\/\/www.europcarbikes.com\/de\/standort\/portimao\/","og_locale":"de_DE","og_type":"article","og_title":"Portim\u00e3o - Algarve - Europcarbikes","og_description":"Sonne, Meer und Stra\u00dfe! Mit dem Motorrad erreichst du die ikonischsten Str\u00e4nde.","og_url":"https:\/\/www.europcarbikes.com\/de\/standort\/portimao\/","og_site_name":"Europcarbikes","article_modified_time":"2026-02-24T16:47:10+00:00","og_image":[{"width":1800,"height":1201,"url":"https:\/\/www.europcarbikes.com\/wp-content\/uploads\/2025\/07\/Portimao.jpg","type":"image\/jpeg"}],"twitter_card":"summary_large_image","twitter_misc":{"Gesch\u00e4tzte Lesezeit":"2\u00a0Minuten"},"schema":{"@context":"https:\/\/schema.org","@graph":[{"@type":"WebPage","@id":"https:\/\/www.europcarbikes.com\/de\/standort\/portimao\/","url":"https:\/\/www.europcarbikes.com\/de\/standort\/portimao\/","name":"Portim\u00e3o - Algarve - Europcarbikes","isPartOf":{"@id":"https:\/\/www.europcarbikes.com\/de\/#website"},"primaryImageOfPage":{"@id":"https:\/\/www.europcarbikes.com\/de\/standort\/portimao\/#primaryimage"},"image":{"@id":"https:\/\/www.europcarbikes.com\/de\/standort\/portimao\/#primaryimage"},"thumbnailUrl":"https:\/\/www.europcarbikes.com\/wp-content\/uploads\/2025\/07\/Portimao.jpg","datePublished":"2025-07-30T09:46:46+00:00","dateModified":"2026-02-24T16:47:10+00:00","breadcrumb":{"@id":"https:\/\/www.europcarbikes.com\/de\/standort\/portimao\/#breadcrumb"},"inLanguage":"de","potentialAction":[{"@type":"ReadAction","target":["https:\/\/www.europcarbikes.com\/de\/standort\/portimao\/"]}]},{"@type":"ImageObject","inLanguage":"de","@id":"https:\/\/www.europcarbikes.com\/de\/standort\/portimao\/#primaryimage","url":"https:\/\/www.europcarbikes.com\/wp-content\/uploads\/2025\/07\/Portimao.jpg","contentUrl":"https:\/\/www.europcarbikes.com\/wp-content\/uploads\/2025\/07\/Portimao.jpg","width":1800,"height":1201},{"@type":"BreadcrumbList","@id":"https:\/\/www.europcarbikes.com\/de\/standort\/portimao\/#breadcrumb","itemListElement":[{"@type":"ListItem","position":1,"name":"Home","item":"https:\/\/www.europcarbikes.com\/de\/"},{"@type":"ListItem","position":2,"name":"Localiza\u00e7\u00e3o","item":"https:\/\/www.europcarbikes.com\/de\/standort\/"},{"@type":"ListItem","position":3,"name":"Portim\u00e3o &#8211; Algarve"}]},{"@type":"WebSite","@id":"https:\/\/www.europcarbikes.com\/de\/#website","url":"https:\/\/www.europcarbikes.com\/de\/","name":"Europcarbikes","description":"As melhores motos ao melhor pre\u00e7o,","publisher":{"@id":"https:\/\/www.europcarbikes.com\/de\/#organization"},"potentialAction":[{"@type":"SearchAction","target":{"@type":"EntryPoint","urlTemplate":"https:\/\/www.europcarbikes.com\/de\/?s={search_term_string}"},"query-input":{"@type":"PropertyValueSpecification","valueRequired":true,"valueName":"search_term_string"}}],"inLanguage":"de"},{"@type":"Organization","@id":"https:\/\/www.europcarbikes.com\/de\/#organization","name":"Europcarbikes","url":"https:\/\/www.europcarbikes.com\/de\/","logo":{"@type":"ImageObject","inLanguage":"de","@id":"https:\/\/www.europcarbikes.com\/de\/#\/schema\/logo\/image\/","url":"https:\/\/www.europcarbikes.com\/wp-content\/uploads\/2025\/03\/cropped-Europcarbikes_favico.jpg","contentUrl":"https:\/\/www.europcarbikes.com\/wp-content\/uploads\/2025\/03\/cropped-Europcarbikes_favico.jpg","width":512,"height":512,"caption":"Europcarbikes"},"image":{"@id":"https:\/\/www.europcarbikes.com\/de\/#\/schema\/logo\/image\/"}}]}},"_links":{"self":[{"href":"https:\/\/www.europcarbikes.com\/de\/wp-json\/wp\/v2\/localizacao\/5096","targetHints":{"allow":["GET"]}}],"collection":[{"href":"https:\/\/www.europcarbikes.com\/de\/wp-json\/wp\/v2\/localizacao"}],"about":[{"href":"https:\/\/www.europcarbikes.com\/de\/wp-json\/wp\/v2\/types\/localizacao"}],"version-history":[{"count":10,"href":"https:\/\/www.europcarbikes.com\/de\/wp-json\/wp\/v2\/localizacao\/5096\/revisions"}],"predecessor-version":[{"id":12757,"href":"https:\/\/www.europcarbikes.com\/de\/wp-json\/wp\/v2\/localizacao\/5096\/revisions\/12757"}],"wp:featuredmedia":[{"embeddable":true,"href":"https:\/\/www.europcarbikes.com\/de\/wp-json\/wp\/v2\/media\/10939"}],"wp:attachment":[{"href":"https:\/\/www.europcarbikes.com\/de\/wp-json\/wp\/v2\/media?parent=5096"}],"wp:term":[{"taxonomy":"category","embeddable":true,"href":"https:\/\/www.europcarbikes.com\/de\/wp-json\/wp\/v2\/categories?post=5096"},{"taxonomy":"post_tag","embeddable":true,"href":"https:\/\/www.europcarbikes.com\/de\/wp-json\/wp\/v2\/tags?post=5096"}],"curies":[{"name":"wp","href":"https:\/\/api.w.org\/{rel}","templated":true}]}}