{"version":"1.0","provider_name":"Europcarbikes","provider_url":"https:\/\/www.europcarbikes.com\/fr\/","title":"V\u00e9lo de ville \u00e9lectrique - Europcarbikes","type":"rich","width":600,"height":338,"html":"<blockquote class=\"wp-embedded-content\" data-secret=\"RiQYXsBLKB\"><a href=\"https:\/\/www.europcarbikes.com\/fr\/louer-un-velo\/bicicleta-de-cidade-eletrica\/\">V\u00e9lo de ville \u00e9lectrique<\/a><\/blockquote><iframe sandbox=\"allow-scripts\" security=\"restricted\" src=\"https:\/\/www.europcarbikes.com\/fr\/louer-un-velo\/bicicleta-de-cidade-eletrica\/embed\/#?secret=RiQYXsBLKB\" width=\"600\" height=\"338\" title=\"\u00ab\u00a0V\u00e9lo de ville \u00e9lectrique\u00a0\u00bb &#8212; Europcarbikes\" data-secret=\"RiQYXsBLKB\" frameborder=\"0\" marginwidth=\"0\" marginheight=\"0\" scrolling=\"no\" class=\"wp-embedded-content\"><\/iframe><script type=\"text\/javascript\">\n\/* <![CDATA[ *\/\n\/*! This file is auto-generated *\/\n!function(d,l){\"use strict\";l.querySelector&&d.addEventListener&&\"undefined\"!=typeof URL&&(d.wp=d.wp||{},d.wp.receiveEmbedMessage||(d.wp.receiveEmbedMessage=function(e){var t=e.data;if((t||t.secret||t.message||t.value)&&!\/[^a-zA-Z0-9]\/.test(t.secret)){for(var s,r,n,a=l.querySelectorAll('iframe[data-secret=\"'+t.secret+'\"]'),o=l.querySelectorAll('blockquote[data-secret=\"'+t.secret+'\"]'),c=new RegExp(\"^https?:$\",\"i\"),i=0;i<o.length;i++)o[i].style.display=\"none\";for(i=0;i<a.length;i++)s=a[i],e.source===s.contentWindow&&(s.removeAttribute(\"style\"),\"height\"===t.message?(1e3<(r=parseInt(t.value,10))?r=1e3:~~r<200&&(r=200),s.height=r):\"link\"===t.message&&(r=new URL(s.getAttribute(\"src\")),n=new URL(t.value),c.test(n.protocol))&&n.host===r.host&&l.activeElement===s&&(d.top.location.href=t.value))}},d.addEventListener(\"message\",d.wp.receiveEmbedMessage,!1),l.addEventListener(\"DOMContentLoaded\",function(){for(var e,t,s=l.querySelectorAll(\"iframe.wp-embedded-content\"),r=0;r<s.length;r++)(t=(e=s[r]).getAttribute(\"data-secret\"))||(t=Math.random().toString(36).substring(2,12),e.src+=\"#?secret=\"+t,e.setAttribute(\"data-secret\",t)),e.contentWindow.postMessage({message:\"ready\",secret:t},\"*\")},!1)))}(window,document);\n\/\/# sourceURL=https:\/\/www.europcarbikes.com\/wp-includes\/js\/wp-embed.min.js\n\/* ]]> *\/\n<\/script>\n","thumbnail_url":"https:\/\/www.europcarbikes.com\/wp-content\/uploads\/2025\/04\/Bicicleta_Cidade_Eletrica.png","thumbnail_width":620,"thumbnail_height":500,"description":"RETOUR V\u00e9lo de ville \u00e9lectrique Description D\u00e9couvrez un moyen plus simple, plus confortable et plus durable de vous d\u00e9placer avec le v\u00e9lo \u00e9lectrique de ville. Con\u00e7u pour faciliter chaque trajet, il allie un design \u00e9l\u00e9gant, la technologie et la praticit\u00e9 \u00e0 l&rsquo;environnement urbain. Gr\u00e2ce \u00e0 son assistance \u00e9lectrique douce et silencieuse, il vous aide \u00e0 [&hellip;]"}