{"id":4432,"date":"2025-07-30T08:59:12","date_gmt":"2025-07-30T08:59:12","guid":{"rendered":"https:\/\/www.europcarbikes.com\/localizacao\/porto\/"},"modified":"2026-02-24T15:09:06","modified_gmt":"2026-02-24T15:09:06","slug":"porto","status":"publish","type":"localizacao","link":"https:\/\/www.europcarbikes.com\/fr\/emplacement\/porto\/","title":{"rendered":"Porto"},"content":{"rendered":"\t\t<div data-elementor-type=\"wp-post\" data-elementor-id=\"4432\" class=\"elementor elementor-4432 elementor-3801\">\n\t\t\t\t\t\t<section class=\"elementor-section elementor-top-section elementor-element elementor-element-d7d16ec elementor-section-height-min-height elementor-section-boxed elementor-section-height-default elementor-section-items-middle\" data-id=\"d7d16ec\" data-element_type=\"section\" data-e-type=\"section\" data-settings=\"{&quot;jet_parallax_layout_list&quot;:[{&quot;jet_parallax_layout_image&quot;:{&quot;url&quot;:&quot;&quot;,&quot;id&quot;:&quot;&quot;,&quot;size&quot;:&quot;&quot;},&quot;_id&quot;:&quot;d43cdb6&quot;,&quot;jet_parallax_layout_image_tablet&quot;:{&quot;url&quot;:&quot;&quot;,&quot;id&quot;:&quot;&quot;,&quot;size&quot;:&quot;&quot;},&quot;jet_parallax_layout_image_mobile&quot;:{&quot;url&quot;:&quot;&quot;,&quot;id&quot;:&quot;&quot;,&quot;size&quot;:&quot;&quot;},&quot;jet_parallax_layout_speed&quot;:{&quot;unit&quot;:&quot;%&quot;,&quot;size&quot;:&quot;50&quot;,&quot;sizes&quot;:[]},&quot;jet_parallax_layout_bg_x&quot;:&quot;50&quot;,&quot;jet_parallax_layout_bg_y&quot;:&quot;50&quot;,&quot;jet_parallax_layout_type&quot;:&quot;scroll&quot;,&quot;jet_parallax_layout_direction&quot;:&quot;1&quot;,&quot;jet_parallax_layout_fx_direction&quot;:null,&quot;jet_parallax_layout_z_index&quot;:&quot;&quot;,&quot;jet_parallax_layout_bg_x_tablet&quot;:&quot;&quot;,&quot;jet_parallax_layout_bg_x_mobile&quot;:&quot;&quot;,&quot;jet_parallax_layout_bg_y_tablet&quot;:&quot;&quot;,&quot;jet_parallax_layout_bg_y_mobile&quot;:&quot;&quot;,&quot;jet_parallax_layout_bg_size&quot;:&quot;auto&quot;,&quot;jet_parallax_layout_bg_size_tablet&quot;:&quot;&quot;,&quot;jet_parallax_layout_bg_size_mobile&quot;:&quot;&quot;,&quot;jet_parallax_layout_animation_prop&quot;:&quot;transform&quot;,&quot;jet_parallax_layout_on&quot;:[&quot;desktop&quot;,&quot;tablet&quot;]}],&quot;background_background&quot;:&quot;classic&quot;}\">\n\t\t\t\t\t\t\t<div class=\"elementor-background-overlay\"><\/div>\n\t\t\t\t\t\t\t<div class=\"elementor-container elementor-column-gap-no\">\n\t\t\t\t\t<div class=\"elementor-column elementor-col-100 elementor-top-column elementor-element elementor-element-9be86d6\" data-id=\"9be86d6\" data-element_type=\"column\" data-e-type=\"column\">\n\t\t\t<div class=\"elementor-widget-wrap elementor-element-populated\">\n\t\t\t\t\t\t<div class=\"elementor-element elementor-element-96a7ddb elementor-widget elementor-widget-heading\" data-id=\"96a7ddb\" data-element_type=\"widget\" data-e-type=\"widget\" data-widget_type=\"heading.default\">\n\t\t\t\t<div class=\"elementor-widget-container\">\n\t\t\t\t\t<h1 class=\"elementor-heading-title elementor-size-default\">Porto<\/h1>\t\t\t\t<\/div>\n\t\t\t\t<\/div>\n\t\t\t\t\t<\/div>\n\t\t<\/div>\n\t\t\t\t\t<\/div>\n\t\t<\/section>\n\t\t<div class=\"elementor-element elementor-element-6c6552b e-flex e-con-boxed e-con e-parent\" data-id=\"6c6552b\" data-element_type=\"container\" data-e-type=\"container\" data-settings=\"{&quot;jet_parallax_layout_list&quot;:[]}\">\n\t\t\t\t\t<div class=\"e-con-inner\">\n\t\t<div class=\"elementor-element elementor-element-e687c3f e-con-full e-flex e-con e-child\" data-id=\"e687c3f\" data-element_type=\"container\" data-e-type=\"container\" data-settings=\"{&quot;jet_parallax_layout_list&quot;:[]}\">\n\t\t\t\t<div class=\"elementor-element elementor-element-8500e81 elementor-widget elementor-widget-heading\" data-id=\"8500e81\" data-element_type=\"widget\" data-e-type=\"widget\" data-widget_type=\"heading.default\">\n\t\t\t\t<div class=\"elementor-widget-container\">\n\t\t\t\t\t<h2 class=\"elementor-heading-title elementor-size-default\">Location de motos, scooters et v\u00e9los \u00e0 Porto<\/h2>\t\t\t\t<\/div>\n\t\t\t\t<\/div>\n\t\t\t\t<\/div>\n\t\t<div class=\"elementor-element elementor-element-21794fa e-con-full e-flex e-con e-child\" data-id=\"21794fa\" data-element_type=\"container\" data-e-type=\"container\" data-settings=\"{&quot;jet_parallax_layout_list&quot;:[]}\">\n\t\t\t\t<div class=\"elementor-element elementor-element-b2a00b4 elementor-arrows-position-inside elementor-widget elementor-widget-image-carousel\" data-id=\"b2a00b4\" data-element_type=\"widget\" data-e-type=\"widget\" data-settings=\"{&quot;slides_to_show&quot;:&quot;1&quot;,&quot;navigation&quot;:&quot;arrows&quot;,&quot;autoplay&quot;:&quot;yes&quot;,&quot;pause_on_hover&quot;:&quot;yes&quot;,&quot;pause_on_interaction&quot;:&quot;yes&quot;,&quot;autoplay_speed&quot;:5000,&quot;infinite&quot;:&quot;yes&quot;,&quot;effect&quot;:&quot;slide&quot;,&quot;speed&quot;:500}\" data-widget_type=\"image-carousel.default\">\n\t\t\t\t<div class=\"elementor-widget-container\">\n\t\t\t\t\t\t\t<div class=\"elementor-image-carousel-wrapper swiper\" role=\"region\" aria-roledescription=\"carousel\" aria-label=\"Carrossel de imagens\" dir=\"ltr\">\n\t\t\t<div class=\"elementor-image-carousel swiper-wrapper\" aria-live=\"off\">\n\t\t\t\t\t\t\t\t<div class=\"swiper-slide\" role=\"group\" aria-roledescription=\"slide\" aria-label=\"1 sur 5\"><figure class=\"swiper-slide-inner\"><img decoding=\"async\" class=\"swiper-slide-image\" src=\"https:\/\/www.europcarbikes.com\/wp-content\/uploads\/2026\/01\/1300-GSA-H-1.jpg\" alt=\"1300 GSA H\" \/><\/figure><\/div><div class=\"swiper-slide\" role=\"group\" aria-roledescription=\"slide\" aria-label=\"2 sur 5\"><figure class=\"swiper-slide-inner\"><img decoding=\"async\" class=\"swiper-slide-image\" src=\"https:\/\/www.europcarbikes.com\/wp-content\/uploads\/2025\/04\/BMW-1300-GS_2.jpg\" alt=\"BMW 1300 GS_2\" \/><\/figure><\/div><div class=\"swiper-slide\" role=\"group\" aria-roledescription=\"slide\" aria-label=\"3 sur 5\"><figure class=\"swiper-slide-inner\"><img decoding=\"async\" class=\"swiper-slide-image\" src=\"https:\/\/www.europcarbikes.com\/wp-content\/uploads\/2026\/01\/Dia-1-Lisboa-475-1-e1769210129406.jpg\" alt=\"Dia 1 - Lisboa-475\" \/><\/figure><\/div><div class=\"swiper-slide\" role=\"group\" aria-roledescription=\"slide\" aria-label=\"4 sur 5\"><figure class=\"swiper-slide-inner\"><img decoding=\"async\" class=\"swiper-slide-image\" src=\"https:\/\/www.europcarbikes.com\/wp-content\/uploads\/2026\/01\/Lisboa_1-1-1.jpg\" alt=\"Lisboa_1-1.jpg\" \/><\/figure><\/div><div class=\"swiper-slide\" role=\"group\" aria-roledescription=\"slide\" aria-label=\"5 sur 5\"><figure class=\"swiper-slide-inner\"><img decoding=\"async\" class=\"swiper-slide-image\" src=\"https:\/\/www.europcarbikes.com\/wp-content\/uploads\/2025\/04\/Bicicleta_Cidade_Eletrica_1.jpg\" alt=\"Bicicleta_Cidade_Eletrica\" \/><\/figure><\/div>\t\t\t<\/div>\n\t\t\t\t\t\t\t\t\t\t\t\t<div class=\"elementor-swiper-button elementor-swiper-button-prev\" role=\"button\" tabindex=\"0\">\n\t\t\t\t\t\t<svg aria-hidden=\"true\" class=\"e-font-icon-svg e-eicon-chevron-left\" viewBox=\"0 0 1000 1000\" xmlns=\"http:\/\/www.w3.org\/2000\/svg\"><path d=\"M646 125C629 125 613 133 604 142L308 442C296 454 292 471 292 487 292 504 296 521 308 533L604 854C617 867 629 875 646 875 663 875 679 871 692 858 704 846 713 829 713 812 713 796 708 779 692 767L438 487 692 225C700 217 708 204 708 187 708 171 704 154 692 142 675 129 663 125 646 125Z\"><\/path><\/svg>\t\t\t\t\t<\/div>\n\t\t\t\t\t<div class=\"elementor-swiper-button elementor-swiper-button-next\" role=\"button\" tabindex=\"0\">\n\t\t\t\t\t\t<svg aria-hidden=\"true\" class=\"e-font-icon-svg e-eicon-chevron-right\" viewBox=\"0 0 1000 1000\" xmlns=\"http:\/\/www.w3.org\/2000\/svg\"><path d=\"M696 533C708 521 713 504 713 487 713 471 708 454 696 446L400 146C388 133 375 125 354 125 338 125 325 129 313 142 300 154 292 171 292 187 292 204 296 221 308 233L563 492 304 771C292 783 288 800 288 817 288 833 296 850 308 863 321 871 338 875 354 875 371 875 388 867 400 854L696 533Z\"><\/path><\/svg>\t\t\t\t\t<\/div>\n\t\t\t\t\n\t\t\t\t\t\t\t\t\t<\/div>\n\t\t\t\t\t\t<\/div>\n\t\t\t\t<\/div>\n\t\t\t\t<div class=\"elementor-element elementor-element-c062025 elementor-widget elementor-widget-heading\" data-id=\"c062025\" data-element_type=\"widget\" data-e-type=\"widget\" data-widget_type=\"heading.default\">\n\t\t\t\t<div class=\"elementor-widget-container\">\n\t\t\t\t\t<h3 class=\"elementor-heading-title elementor-size-default\">Que visiter \u00e0 Porto<\/h3>\t\t\t\t<\/div>\n\t\t\t\t<\/div>\n\t\t\t\t<div class=\"elementor-element elementor-element-5c0472a elementor-widget elementor-widget-text-editor\" data-id=\"5c0472a\" data-element_type=\"widget\" data-e-type=\"widget\" data-widget_type=\"text-editor.default\">\n\t\t\t\t<div class=\"elementor-widget-container\">\n\t\t\t\t\t\t\t\t\t<p>Viens ressentir l\u2019\u00e2me du Nord \u00e0 deux roues\u202f! Traverse le pont D. Lu\u00eds I, parcours les rives du Douro, perds-toi dans les rues de la Ribeira et d\u00e9couvre des recoins uniques o\u00f9 seule une moto peut t\u2019emmener. \u00c0 Porto, chaque virage raconte une histoire.<\/p>\t\t\t\t\t\t\t\t<\/div>\n\t\t\t\t<\/div>\n\t\t\t\t<div class=\"elementor-element elementor-element-b161382 elementor-widget elementor-widget-raven-button\" data-id=\"b161382\" data-element_type=\"widget\" data-e-type=\"widget\" data-settings=\"{&quot;turn_to_popup_action_button&quot;:&quot;no&quot;}\" data-widget_type=\"raven-button.default\">\n\t\t\t\t<div class=\"elementor-widget-container\">\n\t\t\t\t\t\t\t<div class=\"raven-widget-wrapper\">\n\t\t\t<a class=\"raven-button raven-button-widget-normal-effect-none elementor-button raven-button-text-align-center raven-button-link elementor-animation-none\" href=\"\/fr\/reserver\/\">\t\t\t\t<div class=\"raven-button-overlay\" ><\/div>\n\t\t\t\t<span class=\"raven-button-content\">\n\t\t\t\t\t\n\t\t\t\t\t<div class=\"button-text-container\">\n\t\t\t\t\t\t\t\t\t\t\t\t<div class=\"raven-button-texts-wrapper\">\n\t\t\t\t\t\t\t<div class=\"button-text\">\n\t\t\t\t\t\t\t\t<span class=\"raven-button-text\">\n\t\t\t\t\t\t\t\t\tR\u00e9server\t\t\t\t\t\t\t\t<\/span>\n\t\t\t\t\t\t\t<\/div>\n\t\t\t\t\t\t\t\t\t\t\t\t\t<\/div>\n\t\t\t\t\t\t\t\t\t\t\t<\/div>\n\t\t\t\t\t\n\t\t\t\t\t\t\t\t\t<\/span>\n\t\t\t<\/a>\t\t<\/div>\n\t\t\t\t\t\t<\/div>\n\t\t\t\t<\/div>\n\t\t\t\t<\/div>\n\t\t\t\t\t<\/div>\n\t\t\t\t<\/div>\n\t\t<div class=\"elementor-element elementor-element-3828b33 elementor-hidden-desktop elementor-hidden-tablet elementor-hidden-mobile e-flex e-con-boxed e-con e-parent\" data-id=\"3828b33\" data-element_type=\"container\" data-e-type=\"container\" data-settings=\"{&quot;jet_parallax_layout_list&quot;:[],&quot;background_background&quot;:&quot;classic&quot;}\">\n\t\t\t\t\t<div class=\"e-con-inner\">\n\t\t\t\t<div class=\"elementor-element elementor-element-73dba1e elementor-widget elementor-widget-heading\" data-id=\"73dba1e\" data-element_type=\"widget\" data-e-type=\"widget\" data-widget_type=\"heading.default\">\n\t\t\t\t<div class=\"elementor-widget-container\">\n\t\t\t\t\t<h2 class=\"elementor-heading-title elementor-size-default\">Meilleures routes \u00e0 moto<\/h2>\t\t\t\t<\/div>\n\t\t\t\t<\/div>\n\t\t\t\t<div class=\"elementor-element elementor-element-72757d9 elementor-widget elementor-widget-jet-listing-grid\" data-id=\"72757d9\" data-element_type=\"widget\" data-e-type=\"widget\" data-settings=\"{&quot;columns&quot;:&quot;3&quot;,&quot;columns_mobile&quot;:&quot;1&quot;}\" data-widget_type=\"jet-listing-grid.default\">\n\t\t\t\t<div class=\"elementor-widget-container\">\n\t\t\t\t\t<div class=\"jet-listing-notice\">Please select listing to show.<\/div>\t\t\t\t<\/div>\n\t\t\t\t<\/div>\n\t\t\t\t\t<\/div>\n\t\t\t\t<\/div>\n\t\t<div class=\"elementor-element elementor-element-8a15318 e-flex e-con-boxed e-con e-parent\" data-id=\"8a15318\" data-element_type=\"container\" data-e-type=\"container\" data-settings=\"{&quot;jet_parallax_layout_list&quot;:[]}\">\n\t\t\t\t\t<div class=\"e-con-inner\">\n\t\t<div class=\"elementor-element elementor-element-43a1d4d e-con-full e-flex e-con e-child\" data-id=\"43a1d4d\" data-element_type=\"container\" data-e-type=\"container\" data-settings=\"{&quot;jet_parallax_layout_list&quot;:[]}\">\n\t\t\t\t<div class=\"elementor-element elementor-element-9252e4b elementor-widget-tablet__width-inherit elementor-widget elementor-widget-heading\" data-id=\"9252e4b\" data-element_type=\"widget\" data-e-type=\"widget\" data-widget_type=\"heading.default\">\n\t\t\t\t<div class=\"elementor-widget-container\">\n\t\t\t\t\t<h2 class=\"elementor-heading-title elementor-size-default\">O\u00f9 sommes-nous<\/h2>\t\t\t\t<\/div>\n\t\t\t\t<\/div>\n\t\t\t\t<div class=\"elementor-element elementor-element-364a35c elementor-widget-tablet__width-inherit elementor-widget elementor-widget-text-editor\" data-id=\"364a35c\" data-element_type=\"widget\" data-e-type=\"widget\" data-widget_type=\"text-editor.default\">\n\t\t\t\t<div class=\"elementor-widget-container\">\n\t\t\t\t\t\t\t\t\t<h4>Porto &#8211; Maia<\/h4><p>Av. do Arq, Avenida de Fernando T\u00e1vora 1599, Maia\u200e<\/p><p><a href=\"tel:+351229410092\u200e\">+351 229 410 092\u200e<\/a><\/p><p>Du lundi au dimanche, de 8h \u00e0 19h30.<\/p>\t\t\t\t\t\t\t\t<\/div>\n\t\t\t\t<\/div>\n\t\t\t\t<\/div>\n\t\t<div class=\"elementor-element elementor-element-415ad3c e-con-full e-flex e-con e-child\" data-id=\"415ad3c\" data-element_type=\"container\" data-e-type=\"container\" data-settings=\"{&quot;jet_parallax_layout_list&quot;:[]}\">\n\t\t\t\t<div class=\"elementor-element elementor-element-dc0e5d5 elementor-widget elementor-widget-google_maps\" data-id=\"dc0e5d5\" data-element_type=\"widget\" data-e-type=\"widget\" data-widget_type=\"google_maps.default\">\n\t\t\t\t<div class=\"elementor-widget-container\">\n\t\t\t\t\t\t\t<div class=\"elementor-custom-embed\">\n\t\t\t<iframe loading=\"lazy\"\n\t\t\t\t\tsrc=\"https:\/\/maps.google.com\/maps?q=Av.do%20Arq%2C%20Avenida%20de%20Fernando%20T%C3%A1vora%201599%2C%20Maia%E2%80%8E&#038;t=m&#038;z=15&#038;output=embed&#038;iwloc=near\"\n\t\t\t\t\ttitle=\"Av.do Arq, Avenida de Fernando T\u00e1vora 1599, Maia\u200e\"\n\t\t\t\t\taria-label=\"Av.do Arq, Avenida de Fernando T\u00e1vora 1599, Maia\u200e\"\n\t\t\t><\/iframe>\n\t\t<\/div>\n\t\t\t\t\t\t<\/div>\n\t\t\t\t<\/div>\n\t\t\t\t<\/div>\n\t\t\t\t\t<\/div>\n\t\t\t\t<\/div>\n\t\t\t\t<section class=\"elementor-section elementor-top-section elementor-element elementor-element-249e81e elementor-hidden-desktop elementor-hidden-tablet elementor-hidden-mobile elementor-section-boxed elementor-section-height-default elementor-section-height-default\" data-id=\"249e81e\" data-element_type=\"section\" data-e-type=\"section\" data-settings=\"{&quot;jet_parallax_layout_list&quot;:[{&quot;jet_parallax_layout_image&quot;:{&quot;url&quot;:&quot;&quot;,&quot;id&quot;:&quot;&quot;,&quot;size&quot;:&quot;&quot;},&quot;_id&quot;:&quot;e2307d3&quot;,&quot;jet_parallax_layout_image_tablet&quot;:{&quot;url&quot;:&quot;&quot;,&quot;id&quot;:&quot;&quot;,&quot;size&quot;:&quot;&quot;},&quot;jet_parallax_layout_image_mobile&quot;:{&quot;url&quot;:&quot;&quot;,&quot;id&quot;:&quot;&quot;,&quot;size&quot;:&quot;&quot;},&quot;jet_parallax_layout_speed&quot;:{&quot;unit&quot;:&quot;%&quot;,&quot;size&quot;:&quot;50&quot;,&quot;sizes&quot;:[]},&quot;jet_parallax_layout_bg_x&quot;:&quot;50&quot;,&quot;jet_parallax_layout_bg_y&quot;:&quot;50&quot;,&quot;jet_parallax_layout_type&quot;:&quot;scroll&quot;,&quot;jet_parallax_layout_direction&quot;:&quot;1&quot;,&quot;jet_parallax_layout_fx_direction&quot;:null,&quot;jet_parallax_layout_z_index&quot;:&quot;&quot;,&quot;jet_parallax_layout_bg_x_tablet&quot;:&quot;&quot;,&quot;jet_parallax_layout_bg_x_mobile&quot;:&quot;&quot;,&quot;jet_parallax_layout_bg_y_tablet&quot;:&quot;&quot;,&quot;jet_parallax_layout_bg_y_mobile&quot;:&quot;&quot;,&quot;jet_parallax_layout_bg_size&quot;:&quot;auto&quot;,&quot;jet_parallax_layout_bg_size_tablet&quot;:&quot;&quot;,&quot;jet_parallax_layout_bg_size_mobile&quot;:&quot;&quot;,&quot;jet_parallax_layout_animation_prop&quot;:&quot;transform&quot;,&quot;jet_parallax_layout_on&quot;:[&quot;desktop&quot;,&quot;tablet&quot;]}],&quot;background_background&quot;:&quot;classic&quot;}\">\n\t\t\t\t\t\t<div class=\"elementor-container elementor-column-gap-default\">\n\t\t\t\t\t<div class=\"elementor-column elementor-col-50 elementor-top-column elementor-element elementor-element-ca85c09\" data-id=\"ca85c09\" data-element_type=\"column\" data-e-type=\"column\" data-settings=\"{&quot;background_background&quot;:&quot;classic&quot;}\">\n\t\t\t<div class=\"elementor-widget-wrap elementor-element-populated\">\n\t\t\t\t\t<div class=\"elementor-background-overlay\"><\/div>\n\t\t\t\t\t\t<div class=\"elementor-element elementor-element-04ad83d elementor-widget elementor-widget-spacer\" data-id=\"04ad83d\" data-element_type=\"widget\" data-e-type=\"widget\" data-widget_type=\"spacer.default\">\n\t\t\t\t<div class=\"elementor-widget-container\">\n\t\t\t\t\t\t\t<div class=\"elementor-spacer\">\n\t\t\t<div class=\"elementor-spacer-inner\"><\/div>\n\t\t<\/div>\n\t\t\t\t\t\t<\/div>\n\t\t\t\t<\/div>\n\t\t\t\t<div class=\"elementor-element elementor-element-d2daf83 elementor-widget elementor-widget-heading\" data-id=\"d2daf83\" data-element_type=\"widget\" data-e-type=\"widget\" data-widget_type=\"heading.default\">\n\t\t\t\t<div class=\"elementor-widget-container\">\n\t\t\t\t\t<h3 class=\"elementor-heading-title elementor-size-default\">alugar mota em lisboa<\/h3>\t\t\t\t<\/div>\n\t\t\t\t<\/div>\n\t\t\t\t<div class=\"elementor-element elementor-element-afed1ef elementor-widget elementor-widget-button\" data-id=\"afed1ef\" data-element_type=\"widget\" data-e-type=\"widget\" data-widget_type=\"button.default\">\n\t\t\t\t<div class=\"elementor-widget-container\">\n\t\t\t\t\t\t\t\t\t<div class=\"elementor-button-wrapper\">\n\t\t\t\t\t<a class=\"elementor-button elementor-button-link elementor-size-sm\" href=\"#\">\n\t\t\t\t\t\t<span class=\"elementor-button-content-wrapper\">\n\t\t\t\t\t\t\t\t\t<span class=\"elementor-button-text\">Saber Mais<\/span>\n\t\t\t\t\t<\/span>\n\t\t\t\t\t<\/a>\n\t\t\t\t<\/div>\n\t\t\t\t\t\t\t\t<\/div>\n\t\t\t\t<\/div>\n\t\t\t\t\t<\/div>\n\t\t<\/div>\n\t\t\t\t<div class=\"elementor-column elementor-col-50 elementor-top-column elementor-element elementor-element-c985f76\" data-id=\"c985f76\" data-element_type=\"column\" data-e-type=\"column\" data-settings=\"{&quot;background_background&quot;:&quot;classic&quot;}\">\n\t\t\t<div class=\"elementor-widget-wrap elementor-element-populated\">\n\t\t\t\t\t<div class=\"elementor-background-overlay\"><\/div>\n\t\t\t\t\t\t<div class=\"elementor-element elementor-element-54cee26 elementor-widget elementor-widget-spacer\" data-id=\"54cee26\" data-element_type=\"widget\" data-e-type=\"widget\" data-widget_type=\"spacer.default\">\n\t\t\t\t<div class=\"elementor-widget-container\">\n\t\t\t\t\t\t\t<div class=\"elementor-spacer\">\n\t\t\t<div class=\"elementor-spacer-inner\"><\/div>\n\t\t<\/div>\n\t\t\t\t\t\t<\/div>\n\t\t\t\t<\/div>\n\t\t\t\t<div class=\"elementor-element elementor-element-06d4ff3 elementor-widget elementor-widget-heading\" data-id=\"06d4ff3\" data-element_type=\"widget\" data-e-type=\"widget\" data-widget_type=\"heading.default\">\n\t\t\t\t<div class=\"elementor-widget-container\">\n\t\t\t\t\t<h3 class=\"elementor-heading-title elementor-size-default\">alugar bicicleta em lisboa<\/h3>\t\t\t\t<\/div>\n\t\t\t\t<\/div>\n\t\t\t\t<div class=\"elementor-element elementor-element-6cce607 elementor-widget elementor-widget-button\" data-id=\"6cce607\" data-element_type=\"widget\" data-e-type=\"widget\" data-widget_type=\"button.default\">\n\t\t\t\t<div class=\"elementor-widget-container\">\n\t\t\t\t\t\t\t\t\t<div class=\"elementor-button-wrapper\">\n\t\t\t\t\t<a class=\"elementor-button elementor-button-link elementor-size-sm\" href=\"#\">\n\t\t\t\t\t\t<span class=\"elementor-button-content-wrapper\">\n\t\t\t\t\t\t\t\t\t<span class=\"elementor-button-text\">Saber Mais<\/span>\n\t\t\t\t\t<\/span>\n\t\t\t\t\t<\/a>\n\t\t\t\t<\/div>\n\t\t\t\t\t\t\t\t<\/div>\n\t\t\t\t<\/div>\n\t\t\t\t\t<\/div>\n\t\t<\/div>\n\t\t\t\t\t<\/div>\n\t\t<\/section>\n\t\t\t\t<\/div>\n\t\t","protected":false},"excerpt":{"rendered":"<p>Venez sentir l&rsquo;\u00e2me du Nord \u00e0 deux roues!<\/p>\n","protected":false},"featured_media":3275,"parent":0,"menu_order":2,"template":"elementor_header_footer","meta":{"_acf_changed":false,"footnotes":""},"categories":[],"tags":[],"class_list":["post-4432","localizacao","type-localizacao","status-publish","has-post-thumbnail","hentry"],"acf":[],"yoast_head":"<!-- This site is optimized with the Yoast SEO plugin v27.5 - https:\/\/yoast.com\/product\/yoast-seo-wordpress\/ -->\n<title>Porto - Europcarbikes<\/title>\n<meta name=\"robots\" content=\"index, follow, max-snippet:-1, max-image-preview:large, max-video-preview:-1\" \/>\n<link rel=\"canonical\" href=\"https:\/\/www.europcarbikes.com\/fr\/emplacement\/porto\/\" \/>\n<meta property=\"og:locale\" content=\"fr_FR\" \/>\n<meta property=\"og:type\" content=\"article\" \/>\n<meta property=\"og:title\" content=\"Porto - Europcarbikes\" \/>\n<meta property=\"og:description\" content=\"Venez sentir l&#039;\u00e2me du Nord \u00e0 deux roues!\" \/>\n<meta property=\"og:url\" content=\"https:\/\/www.europcarbikes.com\/fr\/emplacement\/porto\/\" \/>\n<meta property=\"og:site_name\" content=\"Europcarbikes\" \/>\n<meta property=\"article:modified_time\" content=\"2026-02-24T15:09:06+00:00\" \/>\n<meta property=\"og:image\" content=\"https:\/\/www.europcarbikes.com\/wp-content\/uploads\/2025\/04\/BMW-1300-GS_1.jpg\" \/>\n\t<meta property=\"og:image:width\" content=\"1920\" \/>\n\t<meta property=\"og:image:height\" content=\"1280\" \/>\n\t<meta property=\"og:image:type\" content=\"image\/jpeg\" \/>\n<meta name=\"twitter:card\" content=\"summary_large_image\" \/>\n<meta name=\"twitter:label1\" content=\"Dur\u00e9e de lecture estim\u00e9e\" \/>\n\t<meta name=\"twitter:data1\" content=\"2 minutes\" \/>\n<script type=\"application\/ld+json\" class=\"yoast-schema-graph\">{\"@context\":\"https:\\\/\\\/schema.org\",\"@graph\":[{\"@type\":\"WebPage\",\"@id\":\"https:\\\/\\\/www.europcarbikes.com\\\/fr\\\/emplacement\\\/porto\\\/\",\"url\":\"https:\\\/\\\/www.europcarbikes.com\\\/fr\\\/emplacement\\\/porto\\\/\",\"name\":\"Porto - Europcarbikes\",\"isPartOf\":{\"@id\":\"https:\\\/\\\/www.europcarbikes.com\\\/fr\\\/#website\"},\"primaryImageOfPage\":{\"@id\":\"https:\\\/\\\/www.europcarbikes.com\\\/fr\\\/emplacement\\\/porto\\\/#primaryimage\"},\"image\":{\"@id\":\"https:\\\/\\\/www.europcarbikes.com\\\/fr\\\/emplacement\\\/porto\\\/#primaryimage\"},\"thumbnailUrl\":\"https:\\\/\\\/www.europcarbikes.com\\\/wp-content\\\/uploads\\\/2025\\\/04\\\/BMW-1300-GS_1.jpg\",\"datePublished\":\"2025-07-30T08:59:12+00:00\",\"dateModified\":\"2026-02-24T15:09:06+00:00\",\"breadcrumb\":{\"@id\":\"https:\\\/\\\/www.europcarbikes.com\\\/fr\\\/emplacement\\\/porto\\\/#breadcrumb\"},\"inLanguage\":\"fr-FR\",\"potentialAction\":[{\"@type\":\"ReadAction\",\"target\":[\"https:\\\/\\\/www.europcarbikes.com\\\/fr\\\/emplacement\\\/porto\\\/\"]}]},{\"@type\":\"ImageObject\",\"inLanguage\":\"fr-FR\",\"@id\":\"https:\\\/\\\/www.europcarbikes.com\\\/fr\\\/emplacement\\\/porto\\\/#primaryimage\",\"url\":\"https:\\\/\\\/www.europcarbikes.com\\\/wp-content\\\/uploads\\\/2025\\\/04\\\/BMW-1300-GS_1.jpg\",\"contentUrl\":\"https:\\\/\\\/www.europcarbikes.com\\\/wp-content\\\/uploads\\\/2025\\\/04\\\/BMW-1300-GS_1.jpg\",\"width\":1920,\"height\":1280},{\"@type\":\"BreadcrumbList\",\"@id\":\"https:\\\/\\\/www.europcarbikes.com\\\/fr\\\/emplacement\\\/porto\\\/#breadcrumb\",\"itemListElement\":[{\"@type\":\"ListItem\",\"position\":1,\"name\":\"Home\",\"item\":\"https:\\\/\\\/www.europcarbikes.com\\\/fr\\\/\"},{\"@type\":\"ListItem\",\"position\":2,\"name\":\"Localiza\u00e7\u00e3o\",\"item\":\"https:\\\/\\\/www.europcarbikes.com\\\/fr\\\/emplacement\\\/\"},{\"@type\":\"ListItem\",\"position\":3,\"name\":\"Porto\"}]},{\"@type\":\"WebSite\",\"@id\":\"https:\\\/\\\/www.europcarbikes.com\\\/fr\\\/#website\",\"url\":\"https:\\\/\\\/www.europcarbikes.com\\\/fr\\\/\",\"name\":\"Europcarbikes\",\"description\":\"As melhores motos ao melhor pre\u00e7o,\",\"publisher\":{\"@id\":\"https:\\\/\\\/www.europcarbikes.com\\\/fr\\\/#organization\"},\"potentialAction\":[{\"@type\":\"SearchAction\",\"target\":{\"@type\":\"EntryPoint\",\"urlTemplate\":\"https:\\\/\\\/www.europcarbikes.com\\\/fr\\\/?s={search_term_string}\"},\"query-input\":{\"@type\":\"PropertyValueSpecification\",\"valueRequired\":true,\"valueName\":\"search_term_string\"}}],\"inLanguage\":\"fr-FR\"},{\"@type\":\"Organization\",\"@id\":\"https:\\\/\\\/www.europcarbikes.com\\\/fr\\\/#organization\",\"name\":\"Europcarbikes\",\"url\":\"https:\\\/\\\/www.europcarbikes.com\\\/fr\\\/\",\"logo\":{\"@type\":\"ImageObject\",\"inLanguage\":\"fr-FR\",\"@id\":\"https:\\\/\\\/www.europcarbikes.com\\\/fr\\\/#\\\/schema\\\/logo\\\/image\\\/\",\"url\":\"https:\\\/\\\/www.europcarbikes.com\\\/wp-content\\\/uploads\\\/2025\\\/03\\\/cropped-Europcarbikes_favico.jpg\",\"contentUrl\":\"https:\\\/\\\/www.europcarbikes.com\\\/wp-content\\\/uploads\\\/2025\\\/03\\\/cropped-Europcarbikes_favico.jpg\",\"width\":512,\"height\":512,\"caption\":\"Europcarbikes\"},\"image\":{\"@id\":\"https:\\\/\\\/www.europcarbikes.com\\\/fr\\\/#\\\/schema\\\/logo\\\/image\\\/\"}}]}<\/script>\n<!-- \/ Yoast SEO plugin. -->","yoast_head_json":{"title":"Porto - Europcarbikes","robots":{"index":"index","follow":"follow","max-snippet":"max-snippet:-1","max-image-preview":"max-image-preview:large","max-video-preview":"max-video-preview:-1"},"canonical":"https:\/\/www.europcarbikes.com\/fr\/emplacement\/porto\/","og_locale":"fr_FR","og_type":"article","og_title":"Porto - Europcarbikes","og_description":"Venez sentir l'\u00e2me du Nord \u00e0 deux roues!","og_url":"https:\/\/www.europcarbikes.com\/fr\/emplacement\/porto\/","og_site_name":"Europcarbikes","article_modified_time":"2026-02-24T15:09:06+00:00","og_image":[{"width":1920,"height":1280,"url":"https:\/\/www.europcarbikes.com\/wp-content\/uploads\/2025\/04\/BMW-1300-GS_1.jpg","type":"image\/jpeg"}],"twitter_card":"summary_large_image","twitter_misc":{"Dur\u00e9e de lecture estim\u00e9e":"2 minutes"},"schema":{"@context":"https:\/\/schema.org","@graph":[{"@type":"WebPage","@id":"https:\/\/www.europcarbikes.com\/fr\/emplacement\/porto\/","url":"https:\/\/www.europcarbikes.com\/fr\/emplacement\/porto\/","name":"Porto - Europcarbikes","isPartOf":{"@id":"https:\/\/www.europcarbikes.com\/fr\/#website"},"primaryImageOfPage":{"@id":"https:\/\/www.europcarbikes.com\/fr\/emplacement\/porto\/#primaryimage"},"image":{"@id":"https:\/\/www.europcarbikes.com\/fr\/emplacement\/porto\/#primaryimage"},"thumbnailUrl":"https:\/\/www.europcarbikes.com\/wp-content\/uploads\/2025\/04\/BMW-1300-GS_1.jpg","datePublished":"2025-07-30T08:59:12+00:00","dateModified":"2026-02-24T15:09:06+00:00","breadcrumb":{"@id":"https:\/\/www.europcarbikes.com\/fr\/emplacement\/porto\/#breadcrumb"},"inLanguage":"fr-FR","potentialAction":[{"@type":"ReadAction","target":["https:\/\/www.europcarbikes.com\/fr\/emplacement\/porto\/"]}]},{"@type":"ImageObject","inLanguage":"fr-FR","@id":"https:\/\/www.europcarbikes.com\/fr\/emplacement\/porto\/#primaryimage","url":"https:\/\/www.europcarbikes.com\/wp-content\/uploads\/2025\/04\/BMW-1300-GS_1.jpg","contentUrl":"https:\/\/www.europcarbikes.com\/wp-content\/uploads\/2025\/04\/BMW-1300-GS_1.jpg","width":1920,"height":1280},{"@type":"BreadcrumbList","@id":"https:\/\/www.europcarbikes.com\/fr\/emplacement\/porto\/#breadcrumb","itemListElement":[{"@type":"ListItem","position":1,"name":"Home","item":"https:\/\/www.europcarbikes.com\/fr\/"},{"@type":"ListItem","position":2,"name":"Localiza\u00e7\u00e3o","item":"https:\/\/www.europcarbikes.com\/fr\/emplacement\/"},{"@type":"ListItem","position":3,"name":"Porto"}]},{"@type":"WebSite","@id":"https:\/\/www.europcarbikes.com\/fr\/#website","url":"https:\/\/www.europcarbikes.com\/fr\/","name":"Europcarbikes","description":"As melhores motos ao melhor pre\u00e7o,","publisher":{"@id":"https:\/\/www.europcarbikes.com\/fr\/#organization"},"potentialAction":[{"@type":"SearchAction","target":{"@type":"EntryPoint","urlTemplate":"https:\/\/www.europcarbikes.com\/fr\/?s={search_term_string}"},"query-input":{"@type":"PropertyValueSpecification","valueRequired":true,"valueName":"search_term_string"}}],"inLanguage":"fr-FR"},{"@type":"Organization","@id":"https:\/\/www.europcarbikes.com\/fr\/#organization","name":"Europcarbikes","url":"https:\/\/www.europcarbikes.com\/fr\/","logo":{"@type":"ImageObject","inLanguage":"fr-FR","@id":"https:\/\/www.europcarbikes.com\/fr\/#\/schema\/logo\/image\/","url":"https:\/\/www.europcarbikes.com\/wp-content\/uploads\/2025\/03\/cropped-Europcarbikes_favico.jpg","contentUrl":"https:\/\/www.europcarbikes.com\/wp-content\/uploads\/2025\/03\/cropped-Europcarbikes_favico.jpg","width":512,"height":512,"caption":"Europcarbikes"},"image":{"@id":"https:\/\/www.europcarbikes.com\/fr\/#\/schema\/logo\/image\/"}}]}},"_links":{"self":[{"href":"https:\/\/www.europcarbikes.com\/fr\/wp-json\/wp\/v2\/localizacao\/4432","targetHints":{"allow":["GET"]}}],"collection":[{"href":"https:\/\/www.europcarbikes.com\/fr\/wp-json\/wp\/v2\/localizacao"}],"about":[{"href":"https:\/\/www.europcarbikes.com\/fr\/wp-json\/wp\/v2\/types\/localizacao"}],"version-history":[{"count":10,"href":"https:\/\/www.europcarbikes.com\/fr\/wp-json\/wp\/v2\/localizacao\/4432\/revisions"}],"predecessor-version":[{"id":12657,"href":"https:\/\/www.europcarbikes.com\/fr\/wp-json\/wp\/v2\/localizacao\/4432\/revisions\/12657"}],"wp:featuredmedia":[{"embeddable":true,"href":"https:\/\/www.europcarbikes.com\/fr\/wp-json\/wp\/v2\/media\/3275"}],"wp:attachment":[{"href":"https:\/\/www.europcarbikes.com\/fr\/wp-json\/wp\/v2\/media?parent=4432"}],"wp:term":[{"taxonomy":"category","embeddable":true,"href":"https:\/\/www.europcarbikes.com\/fr\/wp-json\/wp\/v2\/categories?post=4432"},{"taxonomy":"post_tag","embeddable":true,"href":"https:\/\/www.europcarbikes.com\/fr\/wp-json\/wp\/v2\/tags?post=4432"}],"curies":[{"name":"wp","href":"https:\/\/api.w.org\/{rel}","templated":true}]}}